{"id":1524,"date":"2019-06-18T08:48:12","date_gmt":"2019-06-18T00:48:12","guid":{"rendered":"https:\/\/dkhk.org\/wp\/willkommen\/?page_id=1524"},"modified":"2021-06-15T11:58:54","modified_gmt":"2021-06-15T03:58:54","slug":"sonntagsevangelium","status":"publish","type":"page","link":"https:\/\/dkhk.org\/wp\/willkommen\/?page_id=1524","title":{"rendered":"Sonntagsevangelium"},"content":{"rendered":"\t\t<div data-elementor-type=\"wp-post\" data-elementor-id=\"1524\" class=\"elementor elementor-1524\">\n\t\t\t\t\t\t<section class=\"elementor-section elementor-top-section elementor-element elementor-element-f5db0db elementor-section-boxed elementor-section-height-default elementor-section-height-default\" data-id=\"f5db0db\" data-element_type=\"section\">\n\t\t\t\t\t\t<div class=\"elementor-container elementor-column-gap-default\">\n\t\t\t\t\t<div class=\"elementor-column elementor-col-100 elementor-top-column elementor-element elementor-element-4a1d12b\" data-id=\"4a1d12b\" data-element_type=\"column\">\n\t\t\t<div class=\"elementor-widget-wrap elementor-element-populated\">\n\t\t\t\t\t\t<div class=\"elementor-element elementor-element-469647f elementor-widget elementor-widget-heading\" data-id=\"469647f\" data-element_type=\"widget\" data-widget_type=\"heading.default\">\n\t\t\t\t<div class=\"elementor-widget-container\">\n\t\t\t<h1 class=\"elementor-heading-title elementor-size-default\">Sonntagsevangelium<\/h1>\t\t<\/div>\n\t\t\t\t<\/div>\n\t\t\t\t\t<\/div>\n\t\t<\/div>\n\t\t\t\t\t<\/div>\n\t\t<\/section>\n\t\t\t\t<section class=\"elementor-section elementor-top-section elementor-element elementor-element-9767e98 elementor-section-boxed elementor-section-height-default elementor-section-height-default\" data-id=\"9767e98\" data-element_type=\"section\">\n\t\t\t\t\t\t<div class=\"elementor-container elementor-column-gap-default\">\n\t\t\t\t\t<div class=\"elementor-column elementor-col-100 elementor-top-column elementor-element elementor-element-640ec87\" data-id=\"640ec87\" data-element_type=\"column\">\n\t\t\t<div class=\"elementor-widget-wrap elementor-element-populated\">\n\t\t\t\t\t\t<div class=\"elementor-element elementor-element-7112710 elementor-widget elementor-widget-heading\" data-id=\"7112710\" data-element_type=\"widget\" data-widget_type=\"heading.default\">\n\t\t\t\t<div class=\"elementor-widget-container\">\n\t\t\t<h2 class=\"elementor-heading-title elementor-size-default\">20. Juni 2021<\/h2>\t\t<\/div>\n\t\t\t\t<\/div>\n\t\t\t\t<div class=\"elementor-element elementor-element-4d2e04b elementor-widget elementor-widget-text-editor\" data-id=\"4d2e04b\" data-element_type=\"widget\" data-widget_type=\"text-editor.default\">\n\t\t\t\t<div class=\"elementor-widget-container\">\n\t\t\t\t\t\t\t<p style=\"text-align: left;\"><b style=\"font-style: inherit; text-align: center;\"><span style=\"font-size: 14.0pt; line-height: 107%;\">Der Sturm auf dem See<\/span><\/b><\/p><p style=\"text-align: left;\"><span style=\"font-size: 14.0pt; line-height: 107%;\">Am Abend dieses Tages sagte er zu ihnen: Wir wollen ans andere Ufer hin\u00fcberfahren. Sie schickten die Leute fort und fuhren mit ihm in dem Boot, in dem er sa\u00df, weg; und andere Boote begleiteten ihn. Pl\u00f6tzlich erhob sich ein heftiger Wirbelsturm und die Wellen schlugen in das Boot, sodass es sich mit Wasser zu f\u00fcllen begann. Er aber lag hinten im Boot auf einem Kissen und schlief. Sie weckten ihn und riefen: Meister, k\u00fcmmert es dich nicht, dass wir zugrunde gehen? Da stand er auf, drohte dem Wind und sagte zu dem See: Schweig, sei still! Und der Wind legte sich und es trat v\u00f6llige Stille ein. Er sagte zu ihnen: Warum habt ihr solche Angst? Habt ihr noch keinen Glauben? Da ergriff sie gro\u00dfe Furcht und sie sagten zueinander: Wer ist denn dieser, dass ihm sogar der Wind und das Meer gehorchen?<\/span><\/p><p style=\"text-align: left;\">Mk 3, 35-41<\/p>\t\t\t\t\t\t<\/div>\n\t\t\t\t<\/div>\n\t\t\t\t\t<\/div>\n\t\t<\/div>\n\t\t\t\t\t<\/div>\n\t\t<\/section>\n\t\t\t\t<section class=\"elementor-section elementor-top-section elementor-element elementor-element-4f24eaa elementor-section-boxed elementor-section-height-default elementor-section-height-default\" data-id=\"4f24eaa\" data-element_type=\"section\">\n\t\t\t\t\t\t<div class=\"elementor-container elementor-column-gap-default\">\n\t\t\t\t\t<div class=\"elementor-column elementor-col-100 elementor-top-column elementor-element elementor-element-7cf33c7\" data-id=\"7cf33c7\" data-element_type=\"column\">\n\t\t\t<div class=\"elementor-widget-wrap elementor-element-populated\">\n\t\t\t\t\t\t<div class=\"elementor-element elementor-element-9497594 elementor-widget elementor-widget-heading\" data-id=\"9497594\" data-element_type=\"widget\" data-widget_type=\"heading.default\">\n\t\t\t\t<div class=\"elementor-widget-container\">\n\t\t\t<h2 class=\"elementor-heading-title elementor-size-default\">6. Juni 2021<\/h2>\t\t<\/div>\n\t\t\t\t<\/div>\n\t\t\t\t<div class=\"elementor-element elementor-element-48e6834 elementor-widget elementor-widget-text-editor\" data-id=\"48e6834\" data-element_type=\"widget\" data-widget_type=\"text-editor.default\">\n\t\t\t\t<div class=\"elementor-widget-container\">\n\t\t\t\t\t\t\t<p style=\"text-align: left;\"><b style=\"font-style: inherit; text-align: center;\"><span style=\"font-size: 14.0pt; line-height: 107%;\">Jesus und seine Angeh\u00f6rigen<\/span><\/b><\/p>\n<p style=\"text-align: left;\"><span style=\"font-size: 14.0pt; line-height: 107%;\">Jesus ging in ein Haus und wieder kamen so viele Menschen zusammen, dass sie nicht einmal mehr essen konnten. Als seine Angeh\u00f6rigen davon h\u00f6rten, machten sie sich auf den Weg, um ihn mit Gewalt zur\u00fcckzuholen; denn sie sagten: Er ist von Sinnen.<\/span><\/p>\n<p style=\"text-align: left;\"><b><span style=\"font-size: 14.0pt; line-height: 107%;\">Verteidigungsrede Jesu<\/span><\/b><\/p>\n<p style=\"text-align: left;\"><span style=\"font-size: 14.0pt; line-height: 107%;\">Die Schriftgelehrten, die von Jerusalem herabgekommen waren, sagten: Er ist von Beelzebul besessen; mit Hilfe des Herrschers der D\u00e4monen treibt er die D\u00e4monen aus. Da rief er sie zu sich und belehrte sie in Gleichnissen: Wie kann der Satan den Satan austreiben? Wenn ein Reich in sich gespalten ist, kann es keinen Bestand haben. Wenn eine Familie in sich gespalten ist, kann sie keinen Bestand haben. Und wenn sich der Satan gegen sich selbst erhebt und gespalten ist, kann er keinen Bestand haben, sondern es ist um ihn geschehen.&nbsp;Es kann aber auch keiner in das Haus des Starken eindringen und ihm den Hausrat rauben, wenn er nicht zuerst den Starken fesselt; erst dann kann er sein Haus pl\u00fcndern. Amen, ich sage euch: Alle Vergehen und L\u00e4sterungen werden den Menschen vergeben werden, so viel sie auch l\u00e4stern m\u00f6gen; wer aber den Heiligen Geist l\u00e4stert, der findet in Ewigkeit keine Vergebung, sondern seine S\u00fcnde wird ewig an ihm haften. Sie hatten n\u00e4mlich gesagt: Er hat einen unreinen Geist.<\/span><\/p>\n<p style=\"text-align: left;\"><b><span style=\"font-size: 14.0pt; line-height: 107%;\">\u00dcber die wahre Familie Jesu<\/span><\/b><\/p>\n<p style=\"text-align: left;\"><span style=\"font-size: 14.0pt; line-height: 107%;\">Da kamen seine Mutter und seine Br\u00fcder; sie blieben drau\u00dfen stehen und lie\u00dfen ihn herausrufen. Es sa\u00dfen viele Leute um ihn herum und man sagte zu ihm: Siehe, deine Mutter und deine Br\u00fcder stehen drau\u00dfen und suchen dich. Er erwiderte: Wer ist meine Mutter und wer sind meine Br\u00fcder? Und er blickte auf die Menschen, die im Kreis um ihn herumsa\u00dfen, und sagte: Das hier sind meine Mutter und meine Br\u00fcder. Wer den Willen Gottes tut, der ist f\u00fcr mich Bruder und Schwester und Mutter.<\/span><\/p>\n<p style=\"text-align: left;\">Mk 3, 20-35<\/p>\t\t\t\t\t\t<\/div>\n\t\t\t\t<\/div>\n\t\t\t\t\t<\/div>\n\t\t<\/div>\n\t\t\t\t\t<\/div>\n\t\t<\/section>\n\t\t\t\t<section class=\"elementor-section elementor-top-section elementor-element elementor-element-b260e05 elementor-section-boxed elementor-section-height-default elementor-section-height-default\" data-id=\"b260e05\" data-element_type=\"section\">\n\t\t\t\t\t\t<div class=\"elementor-container elementor-column-gap-default\">\n\t\t\t\t\t<div class=\"elementor-column elementor-col-100 elementor-top-column elementor-element elementor-element-b65efd7\" data-id=\"b65efd7\" data-element_type=\"column\">\n\t\t\t<div class=\"elementor-widget-wrap elementor-element-populated\">\n\t\t\t\t\t\t<div class=\"elementor-element elementor-element-9f9f253 elementor-widget elementor-widget-heading\" data-id=\"9f9f253\" data-element_type=\"widget\" data-widget_type=\"heading.default\">\n\t\t\t\t<div class=\"elementor-widget-container\">\n\t\t\t<h2 class=\"elementor-heading-title elementor-size-default\">23. Mai 2021<\/h2>\t\t<\/div>\n\t\t\t\t<\/div>\n\t\t\t\t<div class=\"elementor-element elementor-element-50090af elementor-widget elementor-widget-text-editor\" data-id=\"50090af\" data-element_type=\"widget\" data-widget_type=\"text-editor.default\">\n\t\t\t\t<div class=\"elementor-widget-container\">\n\t\t\t\t\t\t\t<p style=\"text-align: left;\"><span style=\"font-size: 14.0pt; line-height: 107%;\"><b>Die Erscheinung Jesu vor allen J\u00fcngern am Osterabend<\/b><\/span><\/p>\n<p style=\"text-align: left;\">\n<\/p><p style=\"text-align: left;\"><span style=\"font-size: 14.0pt; line-height: 107%;\">Am Abend dieses ersten Tages der Woche, als die J\u00fcnger aus Furcht vor den Juden bei verschlossenen T\u00fcren beisammen waren, kam Jesus, trat in ihre Mitte und sagte zu ihnen: Friede sei mit euch! Nach diesen Worten zeigte er ihnen seine H\u00e4nde und seine Seite. Da freuten sich die J\u00fcnger, als sie den Herrn sahen. Jesus sagte noch einmal zu ihnen: Friede sei mit euch! Wie mich der Vater gesandt hat, so sende ich euch. Nachdem er das gesagt hatte, hauchte er sie an und sagte zu ihnen: Empfangt den Heiligen Geist! Denen ihr die S\u00fcnden erlasst, denen sind sie erlassen; denen ihr sie behaltet, sind sie behalten.<\/span><\/p>\n<p style=\"text-align: left;\"><span style=\"font-size: 15px; font-style: normal; font-weight: 400;\">Joh 20, 19-23<\/span><\/p>\t\t\t\t\t\t<\/div>\n\t\t\t\t<\/div>\n\t\t\t\t\t<\/div>\n\t\t<\/div>\n\t\t\t\t\t<\/div>\n\t\t<\/section>\n\t\t\t\t<section class=\"elementor-section elementor-top-section elementor-element elementor-element-fa559a4 elementor-section-boxed elementor-section-height-default elementor-section-height-default\" data-id=\"fa559a4\" data-element_type=\"section\">\n\t\t\t\t\t\t<div class=\"elementor-container elementor-column-gap-default\">\n\t\t\t\t\t<div class=\"elementor-column elementor-col-100 elementor-top-column elementor-element elementor-element-7037142\" data-id=\"7037142\" data-element_type=\"column\">\n\t\t\t<div class=\"elementor-widget-wrap elementor-element-populated\">\n\t\t\t\t\t\t<div class=\"elementor-element elementor-element-e5ccb4d elementor-widget elementor-widget-heading\" data-id=\"e5ccb4d\" data-element_type=\"widget\" data-widget_type=\"heading.default\">\n\t\t\t\t<div class=\"elementor-widget-container\">\n\t\t\t<h2 class=\"elementor-heading-title elementor-size-default\">9. Mai 2021<\/h2>\t\t<\/div>\n\t\t\t\t<\/div>\n\t\t\t\t<div class=\"elementor-element elementor-element-b7a3a84 elementor-widget elementor-widget-text-editor\" data-id=\"b7a3a84\" data-element_type=\"widget\" data-widget_type=\"text-editor.default\">\n\t\t\t\t<div class=\"elementor-widget-container\">\n\t\t\t\t\t\t\t<p style=\"text-align: left;\"><b style=\"font-style: inherit; text-align: center;\"><span style=\"font-size: 14.0pt; line-height: 107%;\">Die zweite Abschiedsrede. Einheit mit und in Jesus.<\/span><\/b><\/p>\n<p style=\"text-align: left;\"><span style=\"font-size: 14.0pt; line-height: 107%;\">Wie mich der Vater geliebt hat, so habe auch ich euch geliebt. Bleibt in meiner Liebe! &nbsp;Wenn ihr meine Gebote haltet, werdet ihr in meiner Liebe bleiben, so wie ich die Gebote meines Vaters gehalten habe und in seiner Liebe bleibe.&nbsp;Dies habe ich euch gesagt, damit meine Freude in euch ist und damit eure Freude vollkommen wird.&nbsp;Das ist mein Gebot, dass ihr einander liebt, so wie ich euch geliebt habe.&nbsp;Es gibt keine gr\u00f6\u00dfere Liebe, als wenn einer sein Leben f\u00fcr seine Freunde hingibt.&nbsp;Ihr seid meine Freunde, wenn ihr tut, was ich euch auftrage.&nbsp;Ich nenne euch nicht mehr Knechte; denn der Knecht wei\u00df nicht, was sein Herr tut. Vielmehr habe ich euch Freunde genannt; denn ich habe euch alles mitgeteilt, was ich von meinem Vater geh\u00f6rt habe.&nbsp;Nicht ihr habt mich erw\u00e4hlt, sondern ich habe euch erw\u00e4hlt und dazu bestimmt, dass ihr euch aufmacht und Frucht bringt und dass eure Frucht bleibt. Dann wird euch der Vater alles geben, um was ihr ihn in meinem Namen bittet.&nbsp;Dies trage ich euch auf, dass ihr einander liebt.<\/span><\/p>\n<p style=\"text-align: left;\"><span style=\"font-size: 15px; font-style: normal; font-weight: 400;\">Joh 15, 9-17<\/span><\/p>\t\t\t\t\t\t<\/div>\n\t\t\t\t<\/div>\n\t\t\t\t\t<\/div>\n\t\t<\/div>\n\t\t\t\t\t<\/div>\n\t\t<\/section>\n\t\t\t\t<section class=\"elementor-section elementor-top-section elementor-element elementor-element-c0193e2 elementor-section-boxed elementor-section-height-default elementor-section-height-default\" data-id=\"c0193e2\" data-element_type=\"section\">\n\t\t\t\t\t\t<div class=\"elementor-container elementor-column-gap-default\">\n\t\t\t\t\t<div class=\"elementor-column elementor-col-100 elementor-top-column elementor-element elementor-element-d8c5036\" data-id=\"d8c5036\" data-element_type=\"column\">\n\t\t\t<div class=\"elementor-widget-wrap elementor-element-populated\">\n\t\t\t\t\t\t<div class=\"elementor-element elementor-element-37740e5 elementor-widget elementor-widget-heading\" data-id=\"37740e5\" data-element_type=\"widget\" data-widget_type=\"heading.default\">\n\t\t\t\t<div class=\"elementor-widget-container\">\n\t\t\t<h2 class=\"elementor-heading-title elementor-size-default\">25. April 2021<\/h2>\t\t<\/div>\n\t\t\t\t<\/div>\n\t\t\t\t<div class=\"elementor-element elementor-element-116f41f elementor-widget elementor-widget-text-editor\" data-id=\"116f41f\" data-element_type=\"widget\" data-widget_type=\"text-editor.default\">\n\t\t\t\t<div class=\"elementor-widget-container\">\n\t\t\t\t\t\t\t<p class=\"MsoNormal\" style=\"text-align: left;\"><b><span style=\"font-size: 14.0pt; line-height: 107%;\">Der gute Hirt<\/span><\/b><\/p><p class=\"MsoNormal\" style=\"text-align: left;\"><span style=\"font-size: 14.0pt; line-height: 107%;\">Ich bin der gute Hirt. Der gute Hirt gibt sein Leben hin f\u00fcr die Schafe.\u00a0Der bezahlte Knecht aber, der nicht Hirt ist und dem die Schafe nicht geh\u00f6ren, sieht den Wolf kommen, l\u00e4sst die Schafe im Stich und flieht; und der Wolf rei\u00dft sie und zerstreut sie. Er flieht,\u00a0weil er nur ein bezahlter Knecht ist und ihm an den Schafen nichts liegt. Ich bin der gute Hirt; ich kenne die Meinen und die Meinen kennen mich,\u00a0wie mich der Vater kennt und ich den Vater kenne; und ich gebe mein Leben hin f\u00fcr die Schafe. Ich habe noch andere Schafe, die nicht aus diesem Stall sind; auch sie muss ich f\u00fchren und sie werden auf meine Stimme h\u00f6ren; dann wird es nur eine Herde geben und einen Hirten. Deshalb liebt mich der Vater, weil ich mein Leben hingebe, um es wieder zu nehmen. Niemand entrei\u00dft es mir, sondern ich gebe es von mir aus hin. Ich habe Macht, es hinzugeben, und ich habe Macht, es wieder zu nehmen. Diesen Auftrag habe ich von meinem Vater empfangen.<\/span><\/p><p class=\"MsoNormal\" style=\"text-align: left;\"><span style=\"font-size: 15px; font-style: normal; font-weight: 400;\">Joh 10, 11-18<\/span><\/p>\t\t\t\t\t\t<\/div>\n\t\t\t\t<\/div>\n\t\t\t\t\t<\/div>\n\t\t<\/div>\n\t\t\t\t\t<\/div>\n\t\t<\/section>\n\t\t\t\t<section class=\"elementor-section elementor-top-section elementor-element elementor-element-cda44ec elementor-section-boxed elementor-section-height-default elementor-section-height-default\" data-id=\"cda44ec\" data-element_type=\"section\">\n\t\t\t\t\t\t<div class=\"elementor-container elementor-column-gap-default\">\n\t\t\t\t\t<div class=\"elementor-column elementor-col-100 elementor-top-column elementor-element elementor-element-050c7b1\" data-id=\"050c7b1\" data-element_type=\"column\">\n\t\t\t<div class=\"elementor-widget-wrap elementor-element-populated\">\n\t\t\t\t\t\t<div class=\"elementor-element elementor-element-c40ec41 elementor-widget elementor-widget-heading\" data-id=\"c40ec41\" data-element_type=\"widget\" data-widget_type=\"heading.default\">\n\t\t\t\t<div class=\"elementor-widget-container\">\n\t\t\t<h2 class=\"elementor-heading-title elementor-size-default\">11. April 2021<\/h2>\t\t<\/div>\n\t\t\t\t<\/div>\n\t\t\t\t<div class=\"elementor-element elementor-element-55f1192 elementor-widget elementor-widget-text-editor\" data-id=\"55f1192\" data-element_type=\"widget\" data-widget_type=\"text-editor.default\">\n\t\t\t\t<div class=\"elementor-widget-container\">\n\t\t\t\t\t\t\t<p class=\"MsoNormal\" style=\"text-align: left;\"><b><span style=\"font-size: 14.0pt; line-height: 107%;\">Die Erscheinung Jesu vor allen J\u00fcngern am Osterabend<\/span><\/b><\/p><p class=\"MsoNormal\" style=\"text-align: left;\"><span style=\"font-size: 14.0pt; line-height: 107%;\">Am Abend dieses ersten Tages der Woche, als die J\u00fcnger aus Furcht vor den Juden bei verschlossenen T\u00fcren beisammen waren, kam Jesus, trat in ihre Mitte und sagte zu ihnen: Friede sei mit euch! Nach diesen Worten zeigte er ihnen seine H\u00e4nde und seine Seite. Da freuten sich die J\u00fcnger, als sie den Herrn sahen. Jesus sagte noch einmal zu ihnen: Friede sei mit euch! Wie mich der Vater gesandt hat, so sende ich euch. Nachdem er das gesagt hatte, hauchte er sie an und sagte zu ihnen: Empfangt den Heiligen Geist! Denen ihr die S\u00fcnden erlasst, denen sind sie erlassen; denen ihr sie behaltet, sind sie behalten.<\/span><\/p><p class=\"MsoNormal\" style=\"text-align: left;\"><b><span style=\"font-size: 14.0pt; line-height: 107%;\">Eine weitere Erscheinung Jesu und der Glaube des Thomas<\/span><\/b><\/p><p class=\"MsoNormal\" style=\"text-align: left;\"><span style=\"font-size: 14.0pt; line-height: 107%;\">Thomas, der Didymus genannt wurde, einer der Zw\u00f6lf, war nicht bei ihnen, als Jesus kam. Die anderen J\u00fcnger sagten zu ihm: Wir haben den Herrn gesehen. Er entgegnete ihnen: Wenn ich nicht das Mal der N\u00e4gel an seinen H\u00e4nden sehe und wenn ich meinen Finger nicht in das Mal der N\u00e4gel und meine Hand nicht in seine Seite lege, glaube ich nicht. Acht Tage darauf waren seine J\u00fcnger wieder drinnen versammelt und Thomas war dabei. Da kam Jesus bei verschlossenen T\u00fcren, trat in ihre Mitte und sagte: Friede sei mit euch! Dann sagte er zu Thomas: Streck deinen Finger hierher aus und sieh meine H\u00e4nde! Streck deine Hand aus und leg sie in meine Seite und sei nicht ungl\u00e4ubig, sondern gl\u00e4ubig! Thomas antwortete und sagte zu ihm: Mein Herr und mein Gott! Jesus sagte zu ihm: Weil du mich gesehen hast, glaubst du. Selig sind, die nicht sehen und doch glauben.<\/span><\/p><p class=\"MsoNormal\" style=\"text-align: left;\"><b><span style=\"font-size: 14.0pt; line-height: 107%;\">Erster Schluss des Johannesevangeliums<\/span><\/b><\/p><p class=\"MsoNormal\" style=\"text-align: left;\"><span style=\"font-size: 14.0pt; line-height: 107%;\">Noch viele andere Zeichen hat Jesus vor den Augen seiner J\u00fcnger getan, die in diesem Buch nicht aufgeschrieben sind. Diese aber sind aufgeschrieben, damit ihr glaubt, dass Jesus der Christus ist, der Sohn Gottes, und damit ihr durch den Glauben Leben habt in seinem Namen.<\/span><\/p><div style=\"text-align: left;\"><span style=\"font-size: 15px; font-style: normal;\">Joh 20, 19-31<\/span><span style=\"font-size: 15px;\"><br \/><\/span><\/div>\t\t\t\t\t\t<\/div>\n\t\t\t\t<\/div>\n\t\t\t\t\t<\/div>\n\t\t<\/div>\n\t\t\t\t\t<\/div>\n\t\t<\/section>\n\t\t\t\t<section class=\"elementor-section elementor-top-section elementor-element elementor-element-dfa99c6 elementor-section-boxed elementor-section-height-default elementor-section-height-default\" data-id=\"dfa99c6\" data-element_type=\"section\">\n\t\t\t\t\t\t<div class=\"elementor-container elementor-column-gap-default\">\n\t\t\t\t\t<div class=\"elementor-column elementor-col-100 elementor-top-column elementor-element elementor-element-d1a9b3e\" data-id=\"d1a9b3e\" data-element_type=\"column\">\n\t\t\t<div class=\"elementor-widget-wrap elementor-element-populated\">\n\t\t\t\t\t\t<div class=\"elementor-element elementor-element-e59e2c8 elementor-widget elementor-widget-heading\" data-id=\"e59e2c8\" data-element_type=\"widget\" data-widget_type=\"heading.default\">\n\t\t\t\t<div class=\"elementor-widget-container\">\n\t\t\t<h2 class=\"elementor-heading-title elementor-size-default\">21. M\u00e4rz 2021<\/h2>\t\t<\/div>\n\t\t\t\t<\/div>\n\t\t\t\t<div class=\"elementor-element elementor-element-69e726a elementor-widget elementor-widget-text-editor\" data-id=\"69e726a\" data-element_type=\"widget\" data-widget_type=\"text-editor.default\">\n\t\t\t\t<div class=\"elementor-widget-container\">\n\t\t\t\t\t\t\t<h5><b>Die Stunde der Entscheidung<\/b><\/h5>\n<h5>Unter den Pilgern, die beim Fest Gott anbeten wollten, gab es auch einige Griechen. Diese traten an Philippus heran, der aus Betsaida in Galil\u00e4a stammte, und baten ihn: Herr, wir m\u00f6chten Jesus sehen. Philippus ging und sagte es Andreas; Andreas und Philippus gingen und sagten es Jesus.&nbsp;<\/h5>\n<h5>Jesus aber antwortete ihnen: Die Stunde ist gekommen, dass der Menschensohn verherrlicht wird. Amen, amen, ich sage euch: Wenn das Weizenkorn nicht in die Erde f\u00e4llt und stirbt, bleibt es allein; wenn es aber stirbt, bringt es reiche Frucht. Wer sein Leben liebt, verliert es; wer aber sein Leben in dieser Welt gering achtet, wird es bewahren bis ins ewige Leben. Wenn einer mir dienen will, folge er mir nach; und wo ich bin, dort wird auch mein Diener sein. Wenn einer mir dient, wird der Vater ihn ehren. Jetzt ist meine Seele ersch\u00fcttert. Was soll ich sagen: Vater, rette mich aus dieser Stunde? Aber deshalb bin ich in diese Stunde gekommen. Vater, verherrliche deinen Namen!&nbsp;<\/h5>\n<h5>Da kam eine Stimme vom Himmel: Ich habe ihn schon verherrlicht und werde ihn wieder verherrlichen. Die Menge, die dabeistand und das h\u00f6rte, sagte: Es hat gedonnert. Andere sagten: Ein Engel hat zu ihm geredet. Jesus antwortete und sagte: Nicht mir galt diese Stimme, sondern euch.&nbsp; Jetzt wird Gericht gehalten \u00fcber diese Welt; jetzt wird der Herrscher dieser Welt hinausgeworfen werden. Und ich, wenn ich \u00fcber die Erde erh\u00f6ht bin, werde alle zu mir ziehen. Das sagte er, um anzudeuten, auf welche Weise er sterben werde.&nbsp;<\/h5>\n<div><span style=\"font-size: 15px; font-style: normal;\">Joh 12, 20-33<\/span><span style=\"font-size: 15px;\"><br><\/span><\/div>\t\t\t\t\t\t<\/div>\n\t\t\t\t<\/div>\n\t\t\t\t\t<\/div>\n\t\t<\/div>\n\t\t\t\t\t<\/div>\n\t\t<\/section>\n\t\t\t\t<section class=\"elementor-section elementor-top-section elementor-element elementor-element-826dc3a elementor-section-boxed elementor-section-height-default elementor-section-height-default\" data-id=\"826dc3a\" data-element_type=\"section\">\n\t\t\t\t\t\t<div class=\"elementor-container elementor-column-gap-default\">\n\t\t\t\t\t<div class=\"elementor-column elementor-col-100 elementor-top-column elementor-element elementor-element-b4238a0\" data-id=\"b4238a0\" data-element_type=\"column\">\n\t\t\t<div class=\"elementor-widget-wrap elementor-element-populated\">\n\t\t\t\t\t\t<div class=\"elementor-element elementor-element-879b756 elementor-widget elementor-widget-heading\" data-id=\"879b756\" data-element_type=\"widget\" data-widget_type=\"heading.default\">\n\t\t\t\t<div class=\"elementor-widget-container\">\n\t\t\t<h2 class=\"elementor-heading-title elementor-size-default\">21. Februar 2021<\/h2>\t\t<\/div>\n\t\t\t\t<\/div>\n\t\t\t\t<div class=\"elementor-element elementor-element-7a08769 elementor-widget elementor-widget-text-editor\" data-id=\"7a08769\" data-element_type=\"widget\" data-widget_type=\"text-editor.default\">\n\t\t\t\t<div class=\"elementor-widget-container\">\n\t\t\t\t\t\t\t<h5><b>Die Versuchung Jesu<\/b><\/h5><h5>12 Und sogleich trieb der Geist Jesus in die W\u00fcste. 13 Jesus blieb vierzig Tage in der W\u00fcste und wurde vom Satan in Versuchung gef\u00fchrt. Er lebte bei den wilden Tieren und die Engel dienten ihm.<\/h5><h5><br><\/h5><h5><b>Die Ansage des Evangeliums<\/b><\/h5><h5>14 Nachdem Johannes ausgeliefert worden war, ging Jesus nach Galil\u00e4a; er verk\u00fcndete das Evangelium Gottes 15 und sprach: Die Zeit ist erf\u00fcllt, das Reich Gottes ist nahe. Kehrt um und glaubt an das Evangelium!<\/h5>\n<div><span style=\"font-size: 15px; font-style: normal; font-weight: 400;\">Mk 1, 12-15<\/span><span style=\"font-size: 15px;\"><br><\/span><\/div>\t\t\t\t\t\t<\/div>\n\t\t\t\t<\/div>\n\t\t\t\t<div class=\"elementor-element elementor-element-1cb84dc elementor-widget elementor-widget-text-editor\" data-id=\"1cb84dc\" data-element_type=\"widget\" data-widget_type=\"text-editor.default\">\n\t\t\t\t<div class=\"elementor-widget-container\">\n\t\t\t\t\t\t\t<h5><b>Die Versuchung Jesu<\/b><\/h5><h5>12 Und sogleich trieb der Geist Jesus in die W\u00fcste. 13 Jesus blieb vierzig Tage in der W\u00fcste und wurde vom Satan in Versuchung gef\u00fchrt. Er lebte bei den wilden Tieren und die Engel dienten ihm.<\/h5><h5><br><\/h5><h5><b>Die Ansage des Evangeliums<\/b><\/h5><h5>14 Nachdem Johannes ausgeliefert worden war, ging Jesus nach Galil\u00e4a; er verk\u00fcndete das Evangelium Gottes 15 und sprach: Die Zeit ist erf\u00fcllt, das Reich Gottes ist nahe. Kehrt um und glaubt an das Evangelium!<\/h5>\n<div><span style=\"font-size: 15px; font-style: normal; font-weight: 400;\">Mk 1, 12-15<\/span><span style=\"font-size: 15px;\"><br><\/span><\/div>\t\t\t\t\t\t<\/div>\n\t\t\t\t<\/div>\n\t\t\t\t\t<\/div>\n\t\t<\/div>\n\t\t\t\t\t<\/div>\n\t\t<\/section>\n\t\t\t\t<section class=\"elementor-section elementor-top-section elementor-element elementor-element-2049d23 elementor-section-boxed elementor-section-height-default elementor-section-height-default\" data-id=\"2049d23\" data-element_type=\"section\">\n\t\t\t\t\t\t<div class=\"elementor-container elementor-column-gap-default\">\n\t\t\t\t\t<div class=\"elementor-column elementor-col-100 elementor-top-column elementor-element elementor-element-f6f73da\" data-id=\"f6f73da\" data-element_type=\"column\">\n\t\t\t<div class=\"elementor-widget-wrap elementor-element-populated\">\n\t\t\t\t\t\t<div class=\"elementor-element elementor-element-de5b201 elementor-widget elementor-widget-heading\" data-id=\"de5b201\" data-element_type=\"widget\" data-widget_type=\"heading.default\">\n\t\t\t\t<div class=\"elementor-widget-container\">\n\t\t\t<h2 class=\"elementor-heading-title elementor-size-default\">7. Februar 2021<\/h2>\t\t<\/div>\n\t\t\t\t<\/div>\n\t\t\t\t<div class=\"elementor-element elementor-element-31d04a3 elementor-widget elementor-widget-text-editor\" data-id=\"31d04a3\" data-element_type=\"widget\" data-widget_type=\"text-editor.default\">\n\t\t\t\t<div class=\"elementor-widget-container\">\n\t\t\t\t\t\t\t<h5><b>Die Heilung der Schwiegermutter des Petrus<\/b><\/h5>\n<h5>29 Sie verlie\u00dfen sogleich die Synagoge und gingen zusammen mit Jakobus und Johannes in das Haus des Simon und Andreas. 30 Die Schwiegermutter des Simon lag mit Fieber im Bett. Sie sprachen sogleich mit Jesus \u00fcber sie 31 und er ging zu ihr, fasste sie an der Hand und richtete sie auf. Da wich das Fieber von ihr und sie diente ihnen.<\/h5>\n<h5><b>Die ganze Stadt vor der T\u00fcr<\/b><\/h5>\n<h5>32 Am Abend, als die Sonne untergegangen war, brachte man alle Kranken und Besessenen zu Jesus. 33 Die ganze Stadt war vor der Haust\u00fcr versammelt 34 und er heilte viele, die an allen m\u00f6glichen Krankheiten litten, und trieb viele D\u00e4monen aus. Und er verbot den D\u00e4monen zu sagen, dass sie wussten, wer er war.<\/h5>\n<h5><b>Der R\u00fcckzug Jesu, die Suche der J\u00fcnger und der Aufbruch<\/b><\/h5>\n<h5>35 In aller Fr\u00fche, als es noch dunkel war, stand er auf und ging an einen einsamen Ort, um zu beten. 36 Simon und seine Begleiter<b> <\/b>eilten ihm nach, 37 und als sie ihn fanden, sagten sie zu ihm: Alle suchen dich. 38 Er antwortete: Lasst uns anderswohin gehen, in die benachbarten D\u00f6rfer, damit ich auch dort verk\u00fcnde; denn dazu bin ich gekommen. 39 Und er zog durch ganz Galil\u00e4a, verk\u00fcndete in ihren Synagogen und trieb die D\u00e4monen aus.<\/h5>\n<p style=\"text-align: left;\"><span data-vid=\"313639\">Mk 1, 29-39<\/span><\/p>\t\t\t\t\t\t<\/div>\n\t\t\t\t<\/div>\n\t\t\t\t\t<\/div>\n\t\t<\/div>\n\t\t\t\t\t<\/div>\n\t\t<\/section>\n\t\t\t\t<section class=\"elementor-section elementor-top-section elementor-element elementor-element-c2d5eca elementor-section-boxed elementor-section-height-default elementor-section-height-default\" data-id=\"c2d5eca\" data-element_type=\"section\">\n\t\t\t\t\t\t<div class=\"elementor-container elementor-column-gap-default\">\n\t\t\t\t\t<div class=\"elementor-column elementor-col-100 elementor-top-column elementor-element elementor-element-b5de2c9\" data-id=\"b5de2c9\" data-element_type=\"column\">\n\t\t\t<div class=\"elementor-widget-wrap elementor-element-populated\">\n\t\t\t\t\t\t<div class=\"elementor-element elementor-element-e631edc elementor-widget-divider--view-line elementor-widget elementor-widget-divider\" data-id=\"e631edc\" data-element_type=\"widget\" data-widget_type=\"divider.default\">\n\t\t\t\t<div class=\"elementor-widget-container\">\n\t\t\t\t\t<div class=\"elementor-divider\">\n\t\t\t<span class=\"elementor-divider-separator\">\n\t\t\t\t\t\t<\/span>\n\t\t<\/div>\n\t\t\t\t<\/div>\n\t\t\t\t<\/div>\n\t\t\t\t<div class=\"elementor-element elementor-element-a4bf59a elementor-widget elementor-widget-text-editor\" data-id=\"a4bf59a\" data-element_type=\"widget\" data-widget_type=\"text-editor.default\">\n\t\t\t\t<div class=\"elementor-widget-container\">\n\t\t\t\t\t\t\t<p>Informationen zu allen Sonntagslesungen des Kirchenjahres finden Sie hier.<\/p>\t\t\t\t\t\t<\/div>\n\t\t\t\t<\/div>\n\t\t\t\t<div class=\"elementor-element elementor-element-71ee78c elementor-align-center elementor-widget elementor-widget-button\" data-id=\"71ee78c\" data-element_type=\"widget\" data-widget_type=\"button.default\">\n\t\t\t\t<div class=\"elementor-widget-container\">\n\t\t\t\t\t<div class=\"elementor-button-wrapper\">\n\t\t\t<a class=\"elementor-button elementor-button-link elementor-size-sm\" href=\"https:\/\/www.bibelwerk.de\/verein\/was-wir-bieten\/sonntagslesungen\/6-sonntagslesungen\/\" target=\"_blank\">\n\t\t\t\t\t\t<span class=\"elementor-button-content-wrapper\">\n\t\t\t\t\t\t\t\t\t<span class=\"elementor-button-text\">Sonntagslesungen<\/span>\n\t\t\t\t\t<\/span>\n\t\t\t\t\t<\/a>\n\t\t<\/div>\n\t\t\t\t<\/div>\n\t\t\t\t<\/div>\n\t\t\t\t<div class=\"elementor-element elementor-element-5e8025a elementor-widget elementor-widget-spacer\" data-id=\"5e8025a\" data-element_type=\"widget\" data-widget_type=\"spacer.default\">\n\t\t\t\t<div class=\"elementor-widget-container\">\n\t\t\t\t\t<div class=\"elementor-spacer\">\n\t\t\t<div class=\"elementor-spacer-inner\"><\/div>\n\t\t<\/div>\n\t\t\t\t<\/div>\n\t\t\t\t<\/div>\n\t\t\t\t\t<\/div>\n\t\t<\/div>\n\t\t\t\t\t<\/div>\n\t\t<\/section>\n\t\t\t\t<section class=\"elementor-section elementor-top-section elementor-element elementor-element-bb7d707 elementor-section-boxed elementor-section-height-default elementor-section-height-default\" data-id=\"bb7d707\" data-element_type=\"section\">\n\t\t\t\t\t\t<div class=\"elementor-container elementor-column-gap-default\">\n\t\t\t\t\t<div class=\"elementor-column elementor-col-100 elementor-top-column elementor-element elementor-element-fae714e\" data-id=\"fae714e\" data-element_type=\"column\">\n\t\t\t<div class=\"elementor-widget-wrap elementor-element-populated\">\n\t\t\t\t\t\t<div class=\"elementor-element elementor-element-865bfd4 elementor-widget elementor-widget-heading\" data-id=\"865bfd4\" data-element_type=\"widget\" data-widget_type=\"heading.default\">\n\t\t\t\t<div class=\"elementor-widget-container\">\n\t\t\t<h2 class=\"elementor-heading-title elementor-size-default\">25. April 2021<\/h2>\t\t<\/div>\n\t\t\t\t<\/div>\n\t\t\t\t\t<\/div>\n\t\t<\/div>\n\t\t\t\t\t<\/div>\n\t\t<\/section>\n\t\t\t\t<\/div>\n\t\t","protected":false},"excerpt":{"rendered":"<p>Sonntagsevangelium 20. Juni 2021 Der Sturm auf dem See Am Abend dieses Tages sagte er zu ihnen: Wir wollen ans andere Ufer hin\u00fcberfahren. Sie schickten die Leute fort und fuhren mit ihm in dem Boot, in dem er sa\u00df, weg; und andere Boote begleiteten ihn. Pl\u00f6tzlich erhob sich ein heftiger Wirbelsturm und die Wellen schlugen [&hellip;]<\/p>\n","protected":false},"author":1,"featured_media":0,"parent":0,"menu_order":0,"comment_status":"closed","ping_status":"closed","template":"","meta":{"_et_pb_use_builder":"","_et_pb_old_content":"","_et_gb_content_width":"","footnotes":""},"class_list":["post-1524","page","type-page","status-publish","hentry"],"_links":{"self":[{"href":"https:\/\/dkhk.org\/wp\/willkommen\/index.php?rest_route=\/wp\/v2\/pages\/1524"}],"collection":[{"href":"https:\/\/dkhk.org\/wp\/willkommen\/index.php?rest_route=\/wp\/v2\/pages"}],"about":[{"href":"https:\/\/dkhk.org\/wp\/willkommen\/index.php?rest_route=\/wp\/v2\/types\/page"}],"author":[{"embeddable":true,"href":"https:\/\/dkhk.org\/wp\/willkommen\/index.php?rest_route=\/wp\/v2\/users\/1"}],"replies":[{"embeddable":true,"href":"https:\/\/dkhk.org\/wp\/willkommen\/index.php?rest_route=%2Fwp%2Fv2%2Fcomments&post=1524"}],"version-history":[{"count":57,"href":"https:\/\/dkhk.org\/wp\/willkommen\/index.php?rest_route=\/wp\/v2\/pages\/1524\/revisions"}],"predecessor-version":[{"id":2295,"href":"https:\/\/dkhk.org\/wp\/willkommen\/index.php?rest_route=\/wp\/v2\/pages\/1524\/revisions\/2295"}],"wp:attachment":[{"href":"https:\/\/dkhk.org\/wp\/willkommen\/index.php?rest_route=%2Fwp%2Fv2%2Fmedia&parent=1524"}],"curies":[{"name":"wp","href":"https:\/\/api.w.org\/{rel}","templated":true}]}}